{"id":23,"date":"2018-10-19T04:52:50","date_gmt":"2018-10-19T04:52:50","guid":{"rendered":"http:\/\/wordpress.brillen-framme.de\/?page_id=23"},"modified":"2024-05-16T05:39:51","modified_gmt":"2024-05-16T05:39:51","slug":"datenschutz","status":"publish","type":"page","link":"https:\/\/brillen-framme.de\/?page_id=23","title":{"rendered":"Datenschutz"},"content":{"rendered":"\n<h2 class=\"wp-block-heading has-black-color has-text-color has-link-color wp-elements-bb5e657ef4d543c3f07f5b39cbfc4b0b\">Datenschutzerkl\u00e4rung<\/h2>\n\n\n\n<p class=\"has-black-color has-text-color\">Diese \nDatenschutzerkl\u00e4rung kl\u00e4rt Sie \u00fcber die Art, den Umfang und Zweck der \nVerarbeitung von personenbezogenen Daten (nachfolgend kurz \u201eDaten\u201c) \ninnerhalb unseres Onlineangebotes und der mit ihm verbundenen Webseiten,\n Funktionen und Inhalte sowie externen Onlinepr\u00e4senzen, wie z.B. unser \nSocial Media Profile auf (nachfolgend gemeinsam bezeichnet als \n\u201eOnlineangebot\u201c). Im Hinblick auf die verwendeten Begrifflichkeiten, wie\n z.B. \u201eVerarbeitung\u201c oder \u201eVerantwortlicher\u201c verweisen wir auf die \nDefinitionen im Art. 4 der Datenschutzgrundverordnung (DSGVO).<br><br><br><br><\/p>\n\n\n\n<h3 class=\"wp-block-heading has-black-color has-text-color has-link-color wp-elements-85fee3379e59b1e3dcb948b9cf596a21\" id=\"dsg-general-controller\">Verantwortlicher<\/h3>\n\n\n\n<p class=\"has-black-color has-text-color\">Brillen Framme<br><br>M\u00fchlenstrasse 18<br><br>49661 Cloppenburg<br><br><br><br>brillen-framme@t-online.de<br><br><br><br>Inhaber: Kerstin Framme<\/p>\n\n\n\n<h3 class=\"wp-block-heading has-black-color has-text-color\" id=\"dsg-general-datatype\">Arten der verarbeiteten Daten:<\/h3>\n\n\n\n<p class=\"has-black-color has-text-color\">&#8211;\tBestandsdaten (z.B., Namen, Adressen).<br><br>&#8211;\tKontaktdaten (z.B., E-Mail, Telefonnummern).<br><br>&#8211;\tInhaltsdaten (z.B., Texteingaben, Fotografien, Videos).<br><br>&#8211;\tNutzungsdaten (z.B., besuchte Webseiten, Interesse an Inhalten, Zugriffszeiten).<br><br>&#8211;\tMeta-\/Kommunikationsdaten (z.B., Ger\u00e4te-Informationen, IP-Adressen).<br><br><\/p>\n\n\n\n<h3 class=\"wp-block-heading has-black-color has-text-color\" id=\"dsg-general-datasubjects\">Kategorien betroffener Personen<\/h3>\n\n\n\n<p class=\"has-black-color has-text-color\">Besucher und Nutzer des Onlineangebotes (Nachfolgend bezeichnen wir die betroffenen Personen zusammenfassend auch als \u201eNutzer\u201c).<br><br><\/p>\n\n\n\n<h3 class=\"wp-block-heading has-black-color has-text-color\" id=\"dsg-general-purpose\">Zweck der Verarbeitung<\/h3>\n\n\n\n<p class=\"has-black-color has-text-color\">&#8211;\tZurverf\u00fcgungstellung des Onlineangebotes, seiner Funktionen und  Inhalte.<br><br>&#8211;\tBeantwortung von Kontaktanfragen und Kommunikation mit Nutzern.<br><br>&#8211;\tSicherheitsma\u00dfnahmen.<br><br>&#8211;\tReichweitenmessung\/Marketing<br><br><\/p>\n\n\n\n<h3 class=\"wp-block-heading has-black-color has-text-color\" id=\"dsg-general-terms\">Verwendete Begrifflichkeiten <\/h3>\n\n\n\n<p class=\"has-black-color has-text-color\">\u201ePersonenbezogene\n Daten\u201c sind alle Informationen, die sich auf eine identifizierte oder \nidentifizierbare nat\u00fcrliche Person (im Folgenden \u201ebetroffene Person\u201c) \nbeziehen; als identifizierbar wird eine nat\u00fcrliche Person angesehen, die\n direkt oder indirekt, insbesondere mittels Zuordnung zu einer Kennung \nwie einem Namen, zu einer Kennnummer, zu Standortdaten, zu einer \nOnline-Kennung (z.B. Cookie) oder zu einem oder mehreren besonderen \nMerkmalen identifiziert werden kann, die Ausdruck der physischen, \nphysiologischen, genetischen, psychischen, wirtschaftlichen, kulturellen\n oder sozialen Identit\u00e4t dieser nat\u00fcrlichen Person sind.<br><br><br><br>\u201eVerarbeitung\u201c\n ist jeder mit oder ohne Hilfe automatisierter Verfahren ausgef\u00fchrte \nVorgang oder jede solche Vorgangsreihe im Zusammenhang mit \npersonenbezogenen Daten. Der Begriff reicht weit und umfasst praktisch \njeden Umgang mit Daten.<br><br><br><br>\u201ePseudonymisierung\u201c die \nVerarbeitung personenbezogener Daten in einer Weise, dass die \npersonenbezogenen Daten ohne Hinzuziehung zus\u00e4tzlicher Informationen \nnicht mehr einer spezifischen betroffenen Person zugeordnet werden \nk\u00f6nnen, sofern diese zus\u00e4tzlichen Informationen gesondert aufbewahrt \nwerden und technischen und organisatorischen Ma\u00dfnahmen unterliegen, die \ngew\u00e4hrleisten, dass die personenbezogenen Daten nicht einer \nidentifizierten oder identifizierbaren nat\u00fcrlichen Person zugewiesen \nwerden.<br><br><br><br>\u201eProfiling\u201c jede Art der automatisierten \nVerarbeitung personenbezogener Daten, die darin besteht, dass diese \npersonenbezogenen Daten verwendet werden, um bestimmte pers\u00f6nliche \nAspekte, die sich auf eine nat\u00fcrliche Person beziehen, zu bewerten, \ninsbesondere um Aspekte bez\u00fcglich Arbeitsleistung, wirtschaftliche Lage,\n Gesundheit, pers\u00f6nliche Vorlieben, Interessen, Zuverl\u00e4ssigkeit, \nVerhalten, Aufenthaltsort oder Ortswechsel dieser nat\u00fcrlichen Person zu \nanalysieren oder vorherzusagen.<br><br><br><br>Als \u201eVerantwortlicher\u201c \nwird die nat\u00fcrliche oder juristische Person, Beh\u00f6rde, Einrichtung oder \nandere Stelle, die allein oder gemeinsam mit anderen \u00fcber die Zwecke und\n Mittel der Verarbeitung von personenbezogenen Daten entscheidet, \nbezeichnet.<br><br><br><br>\u201eAuftragsverarbeiter\u201c eine nat\u00fcrliche oder \njuristische Person, Beh\u00f6rde, Einrichtung oder andere Stelle, die \npersonenbezogene Daten im Auftrag des Verantwortlichen verarbeitet.<br><br><\/p>\n\n\n\n<h3 class=\"wp-block-heading has-black-color has-text-color\" id=\"dsg-general-legalbasis\">Ma\u00dfgebliche Rechtsgrundlagen<\/h3>\n\n\n\n<p class=\"has-black-color has-text-color\">Nach\n Ma\u00dfgabe des Art. 13 DSGVO teilen wir Ihnen die Rechtsgrundlagen unserer\n Datenverarbeitungen mit. Sofern die Rechtsgrundlage in der \nDatenschutzerkl\u00e4rung nicht genannt wird, gilt Folgendes: Die \nRechtsgrundlage f\u00fcr die Einholung von Einwilligungen ist Art. 6 Abs. 1 \nlit. a und Art. 7 DSGVO, die Rechtsgrundlage f\u00fcr die Verarbeitung zur \nErf\u00fcllung unserer Leistungen und Durchf\u00fchrung vertraglicher Ma\u00dfnahmen \nsowie Beantwortung von Anfragen ist Art. 6 Abs. 1 lit. b DSGVO, die \nRechtsgrundlage f\u00fcr die Verarbeitung zur Erf\u00fcllung unserer rechtlichen \nVerpflichtungen ist Art. 6 Abs. 1 lit. c DSGVO, und die Rechtsgrundlage \nf\u00fcr die Verarbeitung zur Wahrung unserer berechtigten Interessen ist \nArt. 6 Abs. 1 lit. f DSGVO. F\u00fcr den Fall, dass lebenswichtige Interessen\n der betroffenen Person oder einer anderen nat\u00fcrlichen Person eine \nVerarbeitung personenbezogener Daten erforderlich machen, dient Art. 6 \nAbs. 1 lit. d DSGVO als Rechtsgrundlage.<\/p>\n\n\n\n<h3 class=\"wp-block-heading has-black-color has-text-color\" id=\"dsg-general-securitymeasures\">Sicherheitsma\u00dfnahmen<\/h3>\n\n\n\n<p class=\"has-black-color has-text-color\">Wir\n treffen nach Ma\u00dfgabe des Art. 32 DSGVO unter Ber\u00fccksichtigung des \nStands der Technik, der Implementierungskosten und der Art, des Umfangs,\n der Umst\u00e4nde und der Zwecke der Verarbeitung sowie der \nunterschiedlichen Eintrittswahrscheinlichkeit und Schwere des Risikos \nf\u00fcr die Rechte und Freiheiten nat\u00fcrlicher Personen, geeignete technische\n und organisatorische Ma\u00dfnahmen, um ein dem Risiko angemessenes \nSchutzniveau zu gew\u00e4hrleisten.<br><br><br><br>Zu den Ma\u00dfnahmen geh\u00f6ren \ninsbesondere die Sicherung der Vertraulichkeit, Integrit\u00e4t und \nVerf\u00fcgbarkeit von Daten durch Kontrolle des physischen Zugangs zu den \nDaten, als auch des sie betreffenden Zugriffs, der Eingabe, Weitergabe, \nder Sicherung der Verf\u00fcgbarkeit und ihrer Trennung. Des Weiteren haben \nwir Verfahren eingerichtet, die eine Wahrnehmung von Betroffenenrechten,\n L\u00f6schung von Daten und Reaktion auf Gef\u00e4hrdung der Daten gew\u00e4hrleisten.\n Ferner ber\u00fccksichtigen wir den Schutz personenbezogener Daten bereits \nbei der Entwicklung, bzw. Auswahl von Hardware, Software sowie \nVerfahren, entsprechend dem Prinzip des Datenschutzes durch \nTechnikgestaltung und durch datenschutzfreundliche Voreinstellungen \n(Art. 25 DSGVO).<br><br><\/p>\n\n\n\n<h3 class=\"wp-block-heading has-black-color has-text-color\" id=\"dsg-general-coprocessing\">Zusammenarbeit mit Auftragsverarbeitern und Dritten<\/h3>\n\n\n\n<p class=\"has-black-color has-text-color\">Sofern\n wir im Rahmen unserer Verarbeitung Daten gegen\u00fcber anderen Personen und\n Unternehmen (Auftragsverarbeitern oder Dritten) offenbaren, sie an \ndiese \u00fcbermitteln oder ihnen sonst Zugriff auf die Daten gew\u00e4hren, \nerfolgt dies nur auf Grundlage einer gesetzlichen Erlaubnis (z.B. wenn \neine \u00dcbermittlung der Daten an Dritte, wie an Zahlungsdienstleister, \ngem. Art. 6 Abs. 1 lit. b DSGVO zur Vertragserf\u00fcllung erforderlich ist),\n Sie eingewilligt haben, eine rechtliche Verpflichtung dies vorsieht \noder auf Grundlage unserer berechtigten Interessen (z.B. beim Einsatz \nvon Beauftragten, Webhostern, etc.). <br><br><br><br>Sofern wir Dritte \nmit der Verarbeitung von Daten auf Grundlage eines sog. \n\u201eAuftragsverarbeitungsvertrages\u201c beauftragen, geschieht dies auf \nGrundlage des Art. 28 DSGVO.<\/p>\n\n\n\n<h3 class=\"wp-block-heading has-black-color has-text-color\" id=\"dsg-general-thirdparty\">\u00dcbermittlungen in Drittl\u00e4nder<\/h3>\n\n\n\n<p class=\"has-black-color has-text-color\">Sofern\n wir Daten in einem Drittland (d.h. au\u00dferhalb der Europ\u00e4ischen Union \n(EU) oder des Europ\u00e4ischen Wirtschaftsraums (EWR)) verarbeiten oder dies\n im Rahmen der Inanspruchnahme von Diensten Dritter oder Offenlegung, \nbzw. \u00dcbermittlung von Daten an Dritte geschieht, erfolgt dies nur, wenn \nes zur Erf\u00fcllung unserer (vor)vertraglichen Pflichten, auf Grundlage \nIhrer Einwilligung, aufgrund einer rechtlichen Verpflichtung oder auf \nGrundlage unserer berechtigten Interessen geschieht. Vorbehaltlich \ngesetzlicher oder vertraglicher Erlaubnisse, verarbeiten oder lassen wir\n die Daten in einem Drittland nur beim Vorliegen der besonderen \nVoraussetzungen der Art. 44 ff. DSGVO verarbeiten. D.h. die Verarbeitung\n erfolgt z.B. auf Grundlage besonderer Garantien, wie der offiziell \nanerkannten Feststellung eines der EU entsprechenden Datenschutzniveaus \n(z.B. f\u00fcr die USA durch das \u201ePrivacy Shield\u201c) oder Beachtung offiziell \nanerkannter spezieller vertraglicher Verpflichtungen (so genannte \n\u201eStandardvertragsklauseln\u201c).<\/p>\n\n\n\n<h3 class=\"wp-block-heading has-black-color has-text-color\" id=\"dsg-general-rightssubject\">Rechte der betroffenen Personen<\/h3>\n\n\n\n<p class=\"has-black-color has-text-color\">Sie\n haben das Recht, eine Best\u00e4tigung dar\u00fcber zu verlangen, ob betreffende \nDaten verarbeitet werden und auf Auskunft \u00fcber diese Daten sowie auf \nweitere Informationen und Kopie der Daten entsprechend Art. 15 DSGVO.<br><br><br><br>Sie\n haben entsprechend. Art. 16 DSGVO das Recht, die Vervollst\u00e4ndigung der \nSie betreffenden Daten oder die Berichtigung der Sie betreffenden \nunrichtigen Daten zu verlangen.<br><br><br><br>Sie haben nach Ma\u00dfgabe \ndes Art. 17 DSGVO das Recht zu verlangen, dass betreffende Daten \nunverz\u00fcglich gel\u00f6scht werden, bzw. alternativ nach Ma\u00dfgabe des Art. 18 \nDSGVO eine Einschr\u00e4nkung der Verarbeitung der Daten zu verlangen.<br><br><br><br>Sie\n haben das Recht zu verlangen, dass die Sie betreffenden Daten, die Sie \nuns bereitgestellt haben nach Ma\u00dfgabe des Art. 20 DSGVO zu erhalten und \nderen \u00dcbermittlung an andere Verantwortliche zu fordern. <br><br><br><br>Sie haben ferner gem. Art. 77 DSGVO das Recht, eine Beschwerde bei der zust\u00e4ndigen Aufsichtsbeh\u00f6rde einzureichen.<\/p>\n\n\n\n<h3 class=\"wp-block-heading has-black-color has-text-color\" id=\"dsg-general-revokeconsent\">Widerrufsrecht<\/h3>\n\n\n\n<p class=\"has-black-color has-text-color\">Sie haben das Recht, erteilte Einwilligungen gem. Art. 7 Abs. 3 DSGVO mit Wirkung f\u00fcr die Zukunft zu widerrufen<\/p>\n\n\n\n<h3 class=\"wp-block-heading has-black-color has-text-color\" id=\"dsg-general-object\">Widerspruchsrecht<\/h3>\n\n\n\n<p class=\"has-black-color has-text-color\">Sie\n k\u00f6nnen der k\u00fcnftigen Verarbeitung der Sie betreffenden Daten nach \nMa\u00dfgabe des Art. 21 DSGVO jederzeit widersprechen. Der Widerspruch kann \ninsbesondere gegen die Verarbeitung f\u00fcr Zwecke der Direktwerbung \nerfolgen.<\/p>\n\n\n\n<h3 class=\"wp-block-heading has-black-color has-text-color\" id=\"dsg-general-cookies\">Cookies und Widerspruchsrecht bei Direktwerbung<\/h3>\n\n\n\n<p class=\"has-black-color has-text-color\">Als\n \u201eCookies\u201c werden kleine Dateien bezeichnet, die auf Rechnern der Nutzer\n gespeichert werden. Innerhalb der Cookies k\u00f6nnen unterschiedliche \nAngaben gespeichert werden. Ein Cookie dient prim\u00e4r dazu, die Angaben zu\n einem Nutzer (bzw. dem Ger\u00e4t auf dem das Cookie gespeichert ist) \nw\u00e4hrend oder auch nach seinem Besuch innerhalb eines Onlineangebotes zu \nspeichern. Als tempor\u00e4re Cookies, bzw. \u201eSession-Cookies\u201c oder \n\u201etransiente Cookies\u201c, werden Cookies bezeichnet, die gel\u00f6scht werden, \nnachdem ein Nutzer ein Onlineangebot verl\u00e4sst und seinen Browser \nschlie\u00dft. In einem solchen Cookie kann z.B. der Inhalt eines Warenkorbs \nin einem Onlineshop oder ein Login-Status gespeichert werden. Als \n\u201epermanent\u201c oder \u201epersistent\u201c werden Cookies bezeichnet, die auch nach \ndem Schlie\u00dfen des Browsers gespeichert bleiben. So kann z.B. der \nLogin-Status gespeichert werden, wenn die Nutzer diese nach mehreren \nTagen aufsuchen. Ebenso k\u00f6nnen in einem solchen Cookie die Interessen \nder Nutzer gespeichert werden, die f\u00fcr Reichweitenmessung oder \nMarketingzwecke verwendet werden. Als \u201eThird-Party-Cookie\u201c werden \nCookies bezeichnet, die von anderen Anbietern als dem Verantwortlichen, \nder das Onlineangebot betreibt, angeboten werden (andernfalls, wenn es \nnur dessen Cookies sind spricht man von \u201eFirst-Party Cookies\u201c).<br><br><br><br>Wir k\u00f6nnen tempor\u00e4re und permanente Cookies einsetzen und kl\u00e4ren hier\u00fcber im Rahmen unserer Datenschutzerkl\u00e4rung auf.<br><br><br><br>Falls\n die Nutzer nicht m\u00f6chten, dass Cookies auf ihrem Rechner gespeichert \nwerden, werden sie gebeten die entsprechende Option in den \nSystemeinstellungen ihres Browsers zu deaktivieren. Gespeicherte Cookies\n k\u00f6nnen in den Systemeinstellungen des Browsers gel\u00f6scht werden. Der \nAusschluss von Cookies kann zu Funktionseinschr\u00e4nkungen dieses \nOnlineangebotes f\u00fchren.<br><br><br><br>Ein genereller Widerspruch gegen \nden Einsatz der zu Zwecken des Onlinemarketing eingesetzten Cookies kann\n bei einer Vielzahl der Dienste, vor allem im Fall des Trackings, \u00fcber \ndie US-amerikanische Seite <a href=\"http:\/\/www.aboutads.info\/choices\/\">http:\/\/www.aboutads.info\/choices\/<\/a> oder die EU-Seite <a href=\"http:\/\/www.youronlinechoices.com\/\">http:\/\/www.youronlinechoices.com\/<\/a>\n erkl\u00e4rt werden. Des Weiteren kann die Speicherung von Cookies mittels \nderen Abschaltung in den Einstellungen des Browsers erreicht werden. \nBitte beachten Sie, dass dann gegebenenfalls nicht alle Funktionen \ndieses Onlineangebotes genutzt werden k\u00f6nnen.<\/p>\n\n\n\n<h3 class=\"wp-block-heading has-black-color has-text-color\" id=\"dsg-general-erasure\">L\u00f6schung von Daten<\/h3>\n\n\n\n<p class=\"has-black-color has-text-color\">Die\n von uns verarbeiteten Daten werden nach Ma\u00dfgabe der Art. 17 und 18 \nDSGVO gel\u00f6scht oder in ihrer Verarbeitung eingeschr\u00e4nkt. Sofern nicht im\n Rahmen dieser Datenschutzerkl\u00e4rung ausdr\u00fccklich angegeben, werden die \nbei uns gespeicherten Daten gel\u00f6scht, sobald sie f\u00fcr ihre \nZweckbestimmung nicht mehr erforderlich sind und der L\u00f6schung keine \ngesetzlichen Aufbewahrungspflichten entgegenstehen. Sofern die Daten \nnicht gel\u00f6scht werden, weil sie f\u00fcr andere und gesetzlich zul\u00e4ssige \nZwecke erforderlich sind, wird deren Verarbeitung eingeschr\u00e4nkt. D.h. \ndie Daten werden gesperrt und nicht f\u00fcr andere Zwecke verarbeitet. Das \ngilt z.B. f\u00fcr Daten, die aus handels- oder steuerrechtlichen Gr\u00fcnden \naufbewahrt werden m\u00fcssen.<br><br><br><br>Nach gesetzlichen Vorgaben in \nDeutschland, erfolgt die Aufbewahrung insbesondere f\u00fcr 10 Jahre gem\u00e4\u00df \u00a7\u00a7\n 147 Abs. 1 AO, 257 Abs. 1 Nr. 1 und 4, Abs. 4 HGB (B\u00fccher, \nAufzeichnungen, Lageberichte, Buchungsbelege, Handelsb\u00fccher, f\u00fcr \nBesteuerung relevanter Unterlagen, etc.) und 6 Jahre gem\u00e4\u00df \u00a7 257 Abs. 1 \nNr. 2 und 3, Abs. 4 HGB (Handelsbriefe). <br><br><br><br>Nach \ngesetzlichen Vorgaben in \u00d6sterreich erfolgt die Aufbewahrung \ninsbesondere f\u00fcr 7 J gem\u00e4\u00df \u00a7 132 Abs. 1 BAO (Buchhaltungsunterlagen, \nBelege\/Rechnungen, Konten, Belege, Gesch\u00e4ftspapiere, Aufstellung der \nEinnahmen und Ausgaben, etc.), f\u00fcr 22 Jahre im Zusammenhang mit \nGrundst\u00fccken und f\u00fcr 10 Jahre bei Unterlagen im Zusammenhang mit \nelektronisch erbrachten Leistungen, Telekommunikations-, Rundfunk- und \nFernsehleistungen, die an Nichtunternehmer in EU-Mitgliedstaaten \nerbracht werden und f\u00fcr die der Mini-One-Stop-Shop (MOSS) in Anspruch \ngenommen wird.<\/p>\n\n\n\n<h3 class=\"wp-block-heading has-black-color has-text-color has-link-color wp-elements-3d0c9fc92b7dd475255e809ef24243af\" id=\"dsg-services-agents\">Maklerleistungen<\/h3>\n\n\n\n<p class=\"has-black-color has-text-color has-link-color wp-elements-0a680c023c9b7c2a53121b542f3a16e6\">Wir\n verarbeiten die Daten unserer Kunden, Klienten und Interessenten \n(einheitlich bezeichnet als \u201eKunden\u201c) entsprechen Art. 6 Abs. 1 lit. b. \nDSGVO, um ihnen gegen\u00fcber unsere vertraglichen oder vorvertraglichen \nLeistungen zu erbringen.  Die hierbei verarbeiteten Daten, die Art, der \nUmfang und der Zweck und die Erforderlichkeit ihrer Verarbeitung \nbestimmen sich nach dem zugrundeliegenden Auftrag. Dazu geh\u00f6ren \ngrunds\u00e4tzlich Bestands- und Stammdaten der Kunden (Name, Adresse, etc.),\n als auch die Kontaktdaten (E-Mailadresse, Telefon, etc.), die \nVertragsdaten (Inhalt der Beauftragung, Entgelte, Laufzeiten, Angaben zu\n den vermittelten Unternehmen\/ Versicherern\/ Leistungen) und \nZahlungsdaten (Provisionen, Zahlungshistorie, etc.). Wir k\u00f6nnen ferner \ndie Angaben zu den Eigenschaften und Umst\u00e4nden von Personen oder ihnen \ngeh\u00f6renden Sachen verarbeiten, wenn dies zum Gegenstand unseres Auftrags\n geh\u00f6rt. Dies k\u00f6nnen z.B. Angaben zu pers\u00f6nlichen Lebensumst\u00e4nden, \nmobilen oder immobilen Sachg\u00fctern sein. <br><br>In Rahmen unserer \nBeauftragung kann es auch erforderlich sein, dass wir besondere \nKategorien von Daten gem. Art. 9 Abs. 1 DSGVO, hier insbesondere Angaben\n zur Gesundheit einer Person verarbeiten. Hierzu holen wir, sofern \nerforderlich, gem. Art. 6 Abs. 1 lit a., Art. 7, Art. 9 Abs. 2 lit. a \nDSGVO eine ausdr\u00fcckliche Einwilligung der Kunden ein.<br><br>Sofern f\u00fcr \ndie Vertragserf\u00fcllung oder gesetzlich erforderlich, offenbaren oder \n\u00fcbermitteln wir die Daten der Kunden im Rahmen von Deckungsanfragen, \nAbschl\u00fcssen und Abwicklungen von Vertr\u00e4gen Daten an Anbieter der \nvermittelten Leistungen\/ Objekte, Versicherer, R\u00fcckversicherer, \nMaklerpools, technische Dienstleister, sonstige Dienstleister, wie z.B. \nkooperierende Verb\u00e4nde, sowie Finanzdienstleister, Kreditinstitute und \nKapitalanlagegesellschaften sowie Sozialversicherungstr\u00e4ger, \nSteuerbeh\u00f6rden, Steuerberater, Rechtsberater, Wirtschaftspr\u00fcfer, \nVersicherungs-Ombudsm\u00e4nner und die Anstalten Bundesanstalt f\u00fcr \nFinanzdienstleistungsaufsicht (BaFin). Ferner k\u00f6nnen wir \nUnterauftragnehmer beauftragen, wie z.B. Untervermittler. Wir holen eine\n Einwilligung der Kunden ein, sofern diese zur Offenbarung\/ \u00dcbermittlung\n eine Einwilligung der Kunden erforderlich ist (was z.B. im Fall von \nbesonderen Kategorien von Daten gem. Art. 9 DSGVO der Fall sein kann).<br><br>Die\n L\u00f6schung der Daten erfolgt nach Ablauf gesetzlicher Gew\u00e4hrleistungs- \nund vergleichbarer Pflichten, wobei die Erforderlichkeit der \nAufbewahrung der Daten alle drei Jahre \u00fcberpr\u00fcft wird; im \u00dcbrigen gelten\n die gesetzlichen Aufbewahrungspflichten.<br><br>Im Fall der \ngesetzlichen Archivierungspflichten erfolgt die L\u00f6schung nach deren \nAblauf. Aufbewahrungspflichtig sind insbesondere nach deutschem Recht in\n der Versicherungs- und Finanzbranche Beratungsprotokolle f\u00fcr 5 Jahre, \nMaklerschlussnoten f\u00fcr 7 Jahre und Maklervertr\u00e4ge f\u00fcr 5 Jahres sowie \ngenerell 6 Jahre f\u00fcr handelsrechtlich relevante Unterlagen und 10 Jahre \nf\u00fcr steuerrechtlich relevante Unterlagen.<br><br><\/p>\n\n\n\n<h3 class=\"wp-block-heading has-black-color has-text-color has-link-color wp-elements-5d3d6cdf80f7c313e1fe64d97cfb1fd1\" id=\"dsg-services-contractualservices\">Vertragliche Leistungen<\/h3>\n\n\n\n<p class=\"has-black-color has-text-color has-link-color wp-elements-0aa494c2f15b048cc998191f759c7993\">Wir\n verarbeiten die Daten unserer Vertragspartner und Interessenten sowie \nanderer Auftraggeber, Kunden, Mandanten, Klienten oder Vertragspartner \n(einheitlich bezeichnet als \u201eVertragspartner\u201c) entsprechend Art. 6 Abs. 1\n lit. b. DSGVO, um ihnen gegen\u00fcber unsere vertraglichen oder \nvorvertraglichen Leistungen zu erbringen. Die hierbei verarbeiteten \nDaten, die Art, der Umfang und der Zweck und die Erforderlichkeit ihrer \nVerarbeitung, bestimmen sich nach dem zugrundeliegenden \nVertragsverh\u00e4ltnis. <br><br><br><br>Zu den verarbeiteten Daten geh\u00f6ren \ndie Stammdaten unserer Vertragspartner (z.B., Namen und Adressen), \nKontaktdaten (z.B. E-Mailadressen und Telefonnummern) sowie \nVertragsdaten (z.B., in Anspruch genommene Leistungen, Vertragsinhalte, \nvertragliche Kommunikation, Namen von Kontaktpersonen) und Zahlungsdaten\n (z.B.,  Bankverbindungen, Zahlungshistorie). <br><br><br><br>Besondere \nKategorien personenbezogener Daten verarbeiten wir grunds\u00e4tzlich nicht, \nau\u00dfer wenn diese Bestandteile einer beauftragten oder vertragsgem\u00e4\u00dfen \nVerarbeitung sind. <br><br><br><br>Wir verarbeiten Daten, die zur \nBegr\u00fcndung und Erf\u00fcllung der vertraglichen Leistungen erforderlich sind \nund weisen auf die Erforderlichkeit ihrer Angabe, sofern diese f\u00fcr die \nVertragspartner nicht evident ist, hin. Eine Offenlegung an externe \nPersonen oder Unternehmen erfolgt nur, wenn sie im Rahmen eines Vertrags\n erforderlich ist. Bei der Verarbeitung der uns im Rahmen eines Auftrags\n \u00fcberlassenen Daten, handeln wir entsprechend den Weisungen der \nAuftraggeber sowie der gesetzlichen Vorgaben. <br><br><br><br>Im Rahmen \nder Inanspruchnahme unserer Onlinedienste, k\u00f6nnen wir die IP-Adresse und\n den Zeitpunkt der jeweiligen Nutzerhandlung speichern. Die Speicherung \nerfolgt auf Grundlage unserer berechtigten Interessen, als auch der \nInteressen der Nutzer am Schutz vor Missbrauch und sonstiger unbefugter \nNutzung. Eine Weitergabe dieser Daten an Dritte erfolgt grunds\u00e4tzlich \nnicht, au\u00dfer sie ist zur Verfolgung unserer Anspr\u00fcche gem. Art. 6 Abs. 1\n lit. f. DSGVO erforderlich oder es besteht hierzu eine gesetzliche \nVerpflichtung gem. Art. 6 Abs. 1 lit. c. DSGVO.<br><br><br><br>Die \nL\u00f6schung der Daten erfolgt, wenn die Daten zur Erf\u00fcllung vertraglicher \noder gesetzlicher F\u00fcrsorgepflichten sowie f\u00fcr den Umgang mit etwaigen \nGew\u00e4hrleistungs- und vergleichbaren Pflichten nicht mehr erforderlich \nsind, wobei die Erforderlichkeit der Aufbewahrung der Daten alle drei \nJahre \u00fcberpr\u00fcft wird; im \u00dcbrigen gelten die gesetzlichen \nAufbewahrungspflichten.<br><br><\/p>\n\n\n\n<h3 class=\"wp-block-heading has-black-color has-text-color has-link-color wp-elements-bb04da3f98914971967b5761a9d2e41e\" id=\"dsg-administration\">Administration, Finanzbuchhaltung, B\u00fcroorganisation, Kontaktverwaltung<\/h3>\n\n\n\n<p class=\"has-black-color has-text-color has-link-color wp-elements-327574e9ca3db87256819bb7ed728300\">Wir\n verarbeiten Daten im Rahmen von Verwaltungsaufgaben sowie Organisation \nunseres Betriebs, Finanzbuchhaltung und Befolgung der gesetzlichen \nPflichten, wie z.B. der Archivierung. Hierbei verarbeiten wir dieselben \nDaten, die wir im Rahmen der Erbringung unserer vertraglichen Leistungen\n verarbeiten. Die Verarbeitungsgrundlagen sind Art. 6 Abs. 1 lit. c. \nDSGVO, Art. 6 Abs. 1 lit. f. DSGVO. Von der Verarbeitung sind Kunden, \nInteressenten, Gesch\u00e4ftspartner und Websitebesucher betroffen. Der Zweck\n und unser Interesse an der Verarbeitung liegt in der Administration, \nFinanzbuchhaltung, B\u00fcroorganisation, Archivierung von Daten, also \nAufgaben die der Aufrechterhaltung unserer Gesch\u00e4ftst\u00e4tigkeiten, \nWahrnehmung unserer Aufgaben und Erbringung unserer Leistungen dienen. \nDie L\u00f6schung der Daten im Hinblick auf vertragliche Leistungen und die \nvertragliche Kommunikation entspricht den, bei diesen \nVerarbeitungst\u00e4tigkeiten genannten Angaben.<br><br><br><br>Wir \noffenbaren oder \u00fcbermitteln hierbei Daten an die Finanzverwaltung, \nBerater, wie z.B., Steuerberater oder Wirtschaftspr\u00fcfer sowie weitere \nGeb\u00fchrenstellen und Zahlungsdienstleister.<br><br><br><br>Ferner \nspeichern wir auf Grundlage unserer betriebswirtschaftlichen Interessen \nAngaben zu Lieferanten, Veranstaltern und sonstigen Gesch\u00e4ftspartnern, \nz.B. zwecks sp\u00e4terer Kontaktaufnahme. Diese mehrheitlich \nunternehmensbezogenen Daten, speichern wir grunds\u00e4tzlich dauerhaft.<br><br><\/p>\n\n\n\n<h3 class=\"wp-block-heading has-black-color has-text-color has-link-color wp-elements-686d814c504fafd995d81d3982490d42\" id=\"dsg-contact\">Kontaktaufnahme<\/h3>\n\n\n\n<p class=\"has-black-color has-text-color has-link-color wp-elements-c7dcfcd03f06c74f783b56f98f60bba6\">Bei\n der Kontaktaufnahme mit uns (z.B. per Kontaktformular, E-Mail, Telefon \noder via sozialer Medien) werden die Angaben des Nutzers zur Bearbeitung\n der Kontaktanfrage und deren Abwicklung gem. Art. 6 Abs. 1 lit. b. (im \nRahmen vertraglicher-\/vorvertraglicher Beziehungen),  Art. 6 Abs. 1 lit.\n f. (andere Anfragen) DSGVO verarbeitet.. Die Angaben der Nutzer k\u00f6nnen \nin einem Customer-Relationship-Management System (&#8222;CRM System&#8220;) oder \nvergleichbarer Anfragenorganisation gespeichert werden.<br><br><br><br>Wir\n l\u00f6schen die Anfragen, sofern diese nicht mehr erforderlich sind. Wir \n\u00fcberpr\u00fcfen die Erforderlichkeit alle zwei Jahre; Ferner gelten die \ngesetzlichen Archivierungspflichten.<\/p>\n\n\n\n<h3 class=\"wp-block-heading has-black-color has-text-color has-link-color wp-elements-49a0beceb7fad9a929bfc92f0f7ff9b5\" id=\"dsg-hostingprovider\">Hosting und E-Mail-Versand<\/h3>\n\n\n\n<p class=\"has-black-color has-text-color has-link-color wp-elements-0f524f50d4d4c64aa2b400bf43fe609c\">Die\n von uns in Anspruch genommenen Hosting-Leistungen dienen der \nZurverf\u00fcgungstellung der folgenden Leistungen: Infrastruktur- und \nPlattformdienstleistungen, Rechenkapazit\u00e4t, Speicherplatz und \nDatenbankdienste, E-Mail-Versand, Sicherheitsleistungen sowie technische\n Wartungsleistungen, die wir zum Zwecke des Betriebs dieses \nOnlineangebotes einsetzen. <br><br><br><br>Hierbei verarbeiten wir, bzw.\n unser Hostinganbieter Bestandsdaten, Kontaktdaten, Inhaltsdaten, \nVertragsdaten, Nutzungsdaten, Meta- und Kommunikationsdaten von Kunden, \nInteressenten und Besuchern dieses Onlineangebotes auf Grundlage unserer\n berechtigten Interessen an einer effizienten und sicheren \nZurverf\u00fcgungstellung dieses Onlineangebotes gem. Art. 6 Abs. 1 lit. f \nDSGVO i.V.m. Art. 28 DSGVO (Abschluss Auftragsverarbeitungsvertrag).<\/p>\n\n\n\n<h3 class=\"wp-block-heading has-black-color has-text-color has-link-color wp-elements-0caa3debcd51302efb81d8cd68abd387\" id=\"dsg-logfiles\">Erhebung von Zugriffsdaten und Logfiles<\/h3>\n\n\n\n<p class=\"has-black-color has-text-color has-link-color wp-elements-6d8cff567f26319f6e6bf993dbeb4b19\">Wir,\n bzw. unser Hostinganbieter, erhebt auf Grundlage unserer berechtigten \nInteressen im Sinne des Art. 6 Abs. 1 lit. f. DSGVO Daten \u00fcber jeden \nZugriff auf den Server, auf dem sich dieser Dienst befindet (sogenannte \nServerlogfiles). Zu den Zugriffsdaten geh\u00f6ren Name der abgerufenen \nWebseite, Datei, Datum und Uhrzeit des Abrufs, \u00fcbertragene Datenmenge, \nMeldung \u00fcber erfolgreichen Abruf, Browsertyp nebst Version, das \nBetriebssystem des Nutzers, Referrer URL (die zuvor besuchte Seite), \nIP-Adresse und der anfragende Provider.<br><br><br><br>Logfile-Informationen\n werden aus Sicherheitsgr\u00fcnden (z.B. zur Aufkl\u00e4rung von Missbrauchs- \noder Betrugshandlungen) f\u00fcr die Dauer von maximal 7 Tagen gespeichert \nund danach gel\u00f6scht. Daten, deren weitere Aufbewahrung zu Beweiszwecken \nerforderlich ist, sind bis zur endg\u00fcltigen Kl\u00e4rung des jeweiligen \nVorfalls von der L\u00f6schung ausgenommen.<\/p>\n\n\n\n<h3 class=\"wp-block-heading has-black-color has-text-color has-link-color wp-elements-1ee0f0f154c9cc786a3118168354f798\" id=\"dsg-thirdparty-einleitung\">Einbindung von Diensten und Inhalten Dritter<\/h3>\n\n\n\n<p class=\"has-black-color has-text-color has-link-color wp-elements-8ab87a61a2e6d63525decd4981f211c2\">Wir\n setzen innerhalb unseres Onlineangebotes auf Grundlage unserer \nberechtigten Interessen (d.h. Interesse an der Analyse, Optimierung und \nwirtschaftlichem Betrieb unseres Onlineangebotes im Sinne des Art. 6 \nAbs. 1 lit. f. DSGVO) Inhalts- oder Serviceangebote von Drittanbietern \nein, um deren Inhalte und Services, wie z.B. Videos oder Schriftarten \neinzubinden (nachfolgend einheitlich bezeichnet als \u201cInhalte\u201d). <br><br><br><br>Dies\n setzt immer voraus, dass die Drittanbieter dieser Inhalte, die \nIP-Adresse der Nutzer wahrnehmen, da sie ohne die IP-Adresse die Inhalte\n nicht an deren Browser senden k\u00f6nnten. Die IP-Adresse ist damit f\u00fcr die\n Darstellung dieser Inhalte erforderlich. Wir bem\u00fchen uns nur solche \nInhalte zu verwenden, deren jeweilige Anbieter die IP-Adresse lediglich \nzur Auslieferung der Inhalte verwenden. Drittanbieter k\u00f6nnen ferner so \ngenannte Pixel-Tags (unsichtbare Grafiken, auch als &#8222;Web Beacons&#8220; \nbezeichnet) f\u00fcr statistische oder Marketingzwecke verwenden. Durch die \n&#8222;Pixel-Tags&#8220; k\u00f6nnen Informationen, wie der Besucherverkehr auf den \nSeiten dieser Website ausgewertet werden. Die pseudonymen Informationen \nk\u00f6nnen ferner in Cookies auf dem Ger\u00e4t der Nutzer gespeichert werden und\n unter anderem technische Informationen zum Browser und Betriebssystem, \nverweisende Webseiten, Besuchszeit sowie weitere Angaben zur Nutzung \nunseres Onlineangebotes enthalten, als auch mit solchen Informationen \naus anderen Quellen verbunden werden.<\/p>\n\n\n\n<h3 class=\"wp-block-heading has-black-color has-text-color has-link-color wp-elements-02bafb29d7c586f40b481fb66fb4f4d6\" id=\"dsg-thirdparty-openstreetmap\">OpenStreetMap<\/h3>\n\n\n\n<p class=\"has-black-color has-text-color has-link-color wp-elements-460e0cce97f3a17dc8cc8446c50db353\">Wir binden die Landkarten des Dienstes &#8222;OpenStreetMap&#8220; ein (<a target=\"_blank\" href=\"https:\/\/www.openstreetmap.de\" rel=\"noreferrer noopener\">https:\/\/www.openstreetmap.de<\/a>), die auf Grundlage der Open Data Commons Open Database Lizenz (ODbL) durch die OpenStreetMap Foundation (OSMF) angeboten werden. Datenschutzerkl\u00e4rung: <a target=\"_blank\" href=\"https:\/\/wiki.openstreetmap.org\/wiki\/Privacy_Policy\" rel=\"noreferrer noopener\">https:\/\/wiki.openstreetmap.org\/wiki\/Privacy_Policy<\/a>. <br><br><br><br>Nach unserer Kenntnis werden die Daten der Nutzer durch OpenStreetMap ausschlie\u00dflich zu Zwecken der Darstellung der Kartenfunktionen und Zwischenspeicherung der gew\u00e4hlten Einstellungen verwendet. Zu diesen Daten k\u00f6nnen insbesondere IP-Adressen und Standortdaten der Nutzer geh\u00f6ren, die jedoch nicht ohne deren Einwilligung (im Regelfall im Rahmen der Einstellungen ihrer Mobilger\u00e4te vollzogen), erhoben werden. <br><br><br><br>Die Daten k\u00f6nnen in den USA verarbeitet werden. Weitere Informationen k\u00f6nnen Sie der Datenschutzerkl\u00e4rung von OpenStreetMap entnehmen: <a target=\"_blank\" href=\"https:\/\/wiki.openstreetmap.org\/wiki\/Privacy_Policy\" rel=\"noreferrer noopener\">https:\/\/wiki.openstreetmap.org\/wiki\/Privacy_Policy<\/a>.<\/p>\n\n\n\n<p class=\"has-black-color has-text-color has-link-color wp-elements-3fd5280d8869d0468e06b00055cce77d\"><a href=\"https:\/\/datenschutz-generator.de\" rel=\"noreferrer noopener\" target=\"_blank\">Erstellt mit Datenschutz-Generator.de von RA Dr. Thomas Schwenke<\/a><\/p>\n","protected":false},"excerpt":{"rendered":"<p>Datenschutzerkl\u00e4rung Diese Datenschutzerkl\u00e4rung kl\u00e4rt Sie \u00fcber die Art, den Umfang und Zweck der Verarbeitung von personenbezogenen Daten (nachfolgend kurz \u201eDaten\u201c) innerhalb unseres Onlineangebotes und der mit ihm verbundenen Webseiten, Funktionen und Inhalte sowie externen Onlinepr\u00e4senzen, wie z.B. unser Social Media Profile auf (nachfolgend gemeinsam bezeichnet als \u201eOnlineangebot\u201c). Im Hinblick auf die verwendeten Begrifflichkeiten, wie z.B. &hellip; <\/p>\n<p class=\"link-more\"><a href=\"https:\/\/brillen-framme.de\/?page_id=23\" class=\"more-link\"><span class=\"screen-reader-text\">\u201eDatenschutz\u201c <\/span>weiterlesen<\/a><\/p>\n","protected":false},"author":1,"featured_media":0,"parent":0,"menu_order":0,"comment_status":"closed","ping_status":"closed","template":"","meta":{"footnotes":""},"class_list":["post-23","page","type-page","status-publish","hentry"],"_links":{"self":[{"href":"https:\/\/brillen-framme.de\/index.php?rest_route=\/wp\/v2\/pages\/23","targetHints":{"allow":["GET"]}}],"collection":[{"href":"https:\/\/brillen-framme.de\/index.php?rest_route=\/wp\/v2\/pages"}],"about":[{"href":"https:\/\/brillen-framme.de\/index.php?rest_route=\/wp\/v2\/types\/page"}],"author":[{"embeddable":true,"href":"https:\/\/brillen-framme.de\/index.php?rest_route=\/wp\/v2\/users\/1"}],"replies":[{"embeddable":true,"href":"https:\/\/brillen-framme.de\/index.php?rest_route=%2Fwp%2Fv2%2Fcomments&post=23"}],"version-history":[{"count":4,"href":"https:\/\/brillen-framme.de\/index.php?rest_route=\/wp\/v2\/pages\/23\/revisions"}],"predecessor-version":[{"id":1708,"href":"https:\/\/brillen-framme.de\/index.php?rest_route=\/wp\/v2\/pages\/23\/revisions\/1708"}],"wp:attachment":[{"href":"https:\/\/brillen-framme.de\/index.php?rest_route=%2Fwp%2Fv2%2Fmedia&parent=23"}],"curies":[{"name":"wp","href":"https:\/\/api.w.org\/{rel}","templated":true}]}}